{"id":3231,"date":"2026-04-17T12:20:51","date_gmt":"2026-04-17T10:20:51","guid":{"rendered":"https:\/\/escenacreadores.com\/2026-2\/"},"modified":"2026-04-21T10:08:21","modified_gmt":"2026-04-21T08:08:21","slug":"2026-2","status":"publish","type":"page","link":"https:\/\/escenacreadores.com\/va\/2026-2\/","title":{"rendered":"Edici\u00f3n 2026"},"content":{"rendered":"<p><img loading=\"lazy\" decoding=\"async\" class=\"size-medium wp-image-3209 aligncenter\" src=\"https:\/\/escenacreadores.com\/wp-content\/uploads\/2026\/04\/banner-web-calidad-300x121.jpg\" alt=\"\" width=\"300\" height=\"121\" \/><\/p>\n<p>&nbsp;<\/p>\n<h3 style=\"text-align: center;\"><span style=\"color: #008000;\"><b>Tornen les Resid\u00e8ncies Teatrals Creadores amb un nou format per a l&#8217;estiu del 2026.<\/b><\/span><\/h3>\n<p>&nbsp;<\/p>\n<div class=\"\">\n<div id=\":30b\" class=\"ii gt\">\n<div id=\":31g\" class=\"a3s aiL\">\n<div id=\"avWBGd-591\">\n<div dir=\"ltr\">\n<div>\n<p><span style=\"font-weight: 400;\">Enguany, per primera vegada i fent honor al seu nom, les Resid\u00e8ncies Creadores canvien de format i es converteixen en un temps i un espai de conviv\u00e8ncia real.<\/span><\/p>\n<p><b>Ens anem a la muntanya per a passar deu dies escrivint i compartint inquietuds.<\/b><\/p>\n<p><span style=\"font-weight: 400;\">Creadors 2026 \u00e9s una <\/span><b>resid\u00e8ncia de deu dies<\/b><span style=\"font-weight: 400;\">, que tindr\u00e0 lloc en un alberg situat en la <\/span><b>Serra d&#8217;Espad\u00e0<\/b><span style=\"font-weight: 400;\"> (Almed\u00edxer, Castell\u00f3, Espanya), en la qual els dramaturgs i dramaturgues participants (un m\u00e0xim de 12), disposaran d&#8217;un <\/span><b>temps per a escriure<\/b><span style=\"font-weight: 400;\"> i desenvolupar els seus projectes personals; i comptaran amb una <\/span><b>sessi\u00f3 de treball individual amb Roland Schimmelpfennig<\/b><span style=\"font-weight: 400;\">. A m\u00e9s, el programa es completa amb <\/span><b>sessions matinals d&#8217;exercici f\u00edsic<\/b><span style=\"font-weight: 400;\">, amb <\/span><b>passejos i activitats en la naturalesa<\/b><span style=\"font-weight: 400;\">, amb sessions de <\/span><b>lectura en veu alta<\/b><span style=\"font-weight: 400;\"> de textos propis i aliens, i amb <\/span><b>vetlades nocturnes<\/b><span style=\"font-weight: 400;\"> en les quals compartir (de manera volunt\u00e0ria) els avan\u00e7os i retrocessos en el treball.<\/span><\/p>\n<p><span style=\"font-weight: 400;\">Enguany posem en valor als dramaturgs i dramaturgues, per a desenvolupar una trobada d&#8217;igual a igual, en el qual poder <\/span><b>escriure en companyia<\/b><span style=\"font-weight: 400;\">.<\/span><\/p>\n<p><span style=\"font-weight: 400;\">Durant la resid\u00e8ncia, les dramaturgues i dramaturgs participants desenvoluparan el seu propi text, que pot ser el desenvolupament d&#8217;una idea inicial, la continuaci\u00f3 d&#8217;un text ja comen\u00e7at o la revisi\u00f3 d&#8217;un esborrany.<\/span><\/p>\n<p><strong>Quan<\/strong><span style=\"font-weight: 400;\"><strong>:<\/strong> Del 10 al 19 de juliol de 2026<\/span><\/p>\n<p><strong>On<\/strong><span style=\"font-weight: 400;\"><strong>:<\/strong> La Surera Espai de Trobades Rurals (Almed\u00edxer, Castell\u00f3, Espanya)<\/span><\/p>\n<p><strong>Direcci\u00f3<\/strong><span style=\"font-weight: 400;\"><strong>:<\/strong> Luc\u00eda S\u00e1ez, J\u00e9ssica Mart\u00ednez i Esther Melo<\/span><\/p>\n<p><strong>Coordinaci\u00f3 dramat\u00fargica<\/strong><span style=\"font-weight: 400;\"><strong>:<\/strong> Roland Schimmelpfennig<\/span><\/p>\n<p><strong>Qu\u00e8 inclou Creadores 2026:<\/strong><\/p>\n<p><span style=\"font-weight: 400;\">\u2013 Allotjament en habitaci\u00f3 compartida<\/span><\/p>\n<p><span style=\"font-weight: 400;\">\u2013 Desdejuni, menjar i sopar<\/span><\/p>\n<p><span style=\"font-weight: 400;\">\u2013 <strong>Programa d&#8217;activitats:<\/strong><\/span><\/p>\n<p><span style=\"font-weight: 400;\">\u00a0* Sessions d&#8217;exercici f\u00edsic (adaptats a les necessitats de cadascuna)<\/span><\/p>\n<p><span style=\"font-weight: 400;\">\u00a0* Temps per a l&#8217;escriptura individual<\/span><\/p>\n<p><span style=\"font-weight: 400;\">\u00a0* Una sessi\u00f3 de treball individual amb el coordinador dramat\u00fargic<\/span><\/p>\n<p><span style=\"font-weight: 400;\">\u00a0* Passejos i activitats en la naturalesa<\/span><\/p>\n<p><span style=\"font-weight: 400;\">\u00a0* Sessions de lectura en veu alta<\/span><\/p>\n<p><span style=\"font-weight: 400;\">\u00a0* Vetlades nocturnes<\/span><\/p>\n<p><span style=\"font-weight: 400;\">\u00a0* Temps per al descans<\/span><\/p>\n<p><span style=\"font-weight: 400;\">Qui pot participar<\/span><span style=\"font-weight: 400;\">: dramaturgues i dramaturgs que escriguen en castell\u00e0, valenci\u00e0 o angl\u00e9s.<\/span><\/p>\n<p><span style=\"font-weight: 400;\">(Es demanar\u00e0 un m\u00ednim de castell\u00e0 per a comunicar-se).<\/span><\/p>\n<p><span style=\"font-weight: 400;\">Proc\u00e9s d&#8217;inscripci\u00f3<\/span><span style=\"font-weight: 400;\">: si vols participar, envia un <\/span><b>Curr\u00edculum<\/b><span style=\"font-weight: 400;\"> + un <\/span><b>text teatral propi<\/b><span style=\"font-weight: 400;\"> (an\u00f2nim) + una <\/span><b>carta de motivaci\u00f3<\/b><span style=\"font-weight: 400;\"> (opcional) a <a href=\"mailto:creadoresvalencia@gmail.com\">creadoresvalencia@gmail.com <\/a><\/span><b>abans del 14 de maig<\/b><span style=\"font-weight: 400;\">. El <strong>23 de maig comunicarem als participants seleccionats<\/strong>.<\/span><\/p>\n<p><span style=\"font-weight: 400;\">Per a garantir un proc\u00e9s el m\u00e9s just i acurat possible, el text teatral haur\u00e0 d&#8217;enviar-se sense que figure el nom de l&#8217;autora o autor en cap p\u00e0gina. Nosaltres recopilarem tots els textos de manera an\u00f2nima i els enviarem a una dramaturga o dramaturg (encara per confirmar), qui realitzar\u00e0 una primera selecci\u00f3 basada \u00fanicament en la qualitat de les propostes.<\/span><\/p>\n<p><span style=\"font-weight: 400;\">Posteriorment, en una segona fase, l&#8217;equip de Creadores revisar\u00e0 els projectes seleccionats juntament amb els curr\u00edculums, amb l&#8217;objectiu de realitzar la selecci\u00f3 final.<\/span><\/p>\n<p><span style=\"font-weight: 400;\">Aquest sistema ens permet mantindre els criteris que han definit les nostres resid\u00e8ncies des de l&#8217;inici: afavorir la paritat de g\u00e8nere i propiciar la trobada entre dramaturgues i dramaturgs de diferents traject\u00f2ries, tant consolidades com emergents.<\/span><\/p>\n<p><strong>Preu de matr\u00edcula<\/strong><span style=\"font-weight: 400;\"><strong>:<\/strong> 600 \u20ac (ser\u00e0 abonat despr\u00e9s de la selecci\u00f3).<\/span><\/p>\n<p><span style=\"font-weight: 400;\"><strong>LA SURERA<\/strong> \u00e9s un projecte d&#8217;innovaci\u00f3 territorial dut a terme per un col\u00b7lectiu de persones que ha apostat per desenvolupar el seu projecte de vida en el territori i per viure processos participatius i cooperatius.<\/span><\/p>\n<p><span style=\"font-weight: 400;\"><strong>NOTA:<\/strong> El menjar \u00e9s principalment veg\u00e0, per\u00f2 tamb\u00e9 existeixen opcions vegetarianes i omn\u00edvores. Les habitacions s\u00f3n compartides.<\/span><\/p>\n<p><span style=\"font-weight: 400;\">M\u00e9s informaci\u00f3 en creadoresvalencia@gmail.com<\/span><\/p>\n<p><strong><a href=\"https:\/\/drive.google.com\/drive\/folders\/1QYrftn8jo0kNQ8VL57fU0Ehqhj1EbAf-?usp=drive_link\" target=\"_blank\" rel=\"noopener\">MATERIAL PROMOCIONAL<\/a><\/strong><\/p>\n<p><strong><a href=\"https:\/\/drive.google.com\/file\/d\/18Zgq0WiwxuWNdHPySqyr7fowQzCoWlpy\/view?usp=drive_link\" target=\"_blank\" rel=\"noopener\">NOTA DE PREMSA<\/a><\/strong><\/p>\n<\/div>\n<\/div>\n<\/div>\n<\/div>\n<\/div>\n<\/div>\n","protected":false},"excerpt":{"rendered":"<p>&nbsp; Tornen les Resid\u00e8ncies Teatrals Creadores amb un nou format per a l&#8217;estiu del 2026. &nbsp; Enguany, per primera vegada i fent honor al seu nom, les Resid\u00e8ncies Creadores canvien de format i es converteixen en un temps i un espai de conviv\u00e8ncia real. Ens anem a la muntanya per a passar deu dies escrivint [&hellip;]<\/p>\n","protected":false},"author":4,"featured_media":0,"parent":0,"menu_order":0,"comment_status":"closed","ping_status":"closed","template":"","meta":{"_acf_changed":false,"_et_pb_use_builder":"off","_et_pb_old_content":"","_et_gb_content_width":"","footnotes":""},"class_list":["post-3231","page","type-page","status-publish","hentry"],"acf":[],"_links":{"self":[{"href":"https:\/\/escenacreadores.com\/va\/wp-json\/wp\/v2\/pages\/3231","targetHints":{"allow":["GET"]}}],"collection":[{"href":"https:\/\/escenacreadores.com\/va\/wp-json\/wp\/v2\/pages"}],"about":[{"href":"https:\/\/escenacreadores.com\/va\/wp-json\/wp\/v2\/types\/page"}],"author":[{"embeddable":true,"href":"https:\/\/escenacreadores.com\/va\/wp-json\/wp\/v2\/users\/4"}],"replies":[{"embeddable":true,"href":"https:\/\/escenacreadores.com\/va\/wp-json\/wp\/v2\/comments?post=3231"}],"version-history":[{"count":5,"href":"https:\/\/escenacreadores.com\/va\/wp-json\/wp\/v2\/pages\/3231\/revisions"}],"predecessor-version":[{"id":3248,"href":"https:\/\/escenacreadores.com\/va\/wp-json\/wp\/v2\/pages\/3231\/revisions\/3248"}],"wp:attachment":[{"href":"https:\/\/escenacreadores.com\/va\/wp-json\/wp\/v2\/media?parent=3231"}],"curies":[{"name":"wp","href":"https:\/\/api.w.org\/{rel}","templated":true}]}}